{"id":5723,"date":"2023-05-30T17:18:05","date_gmt":"2023-05-30T15:18:05","guid":{"rendered":"https:\/\/www.gmcucine.com\/?post_type=product&#038;p=5723"},"modified":"2024-01-15T08:57:01","modified_gmt":"2024-01-15T07:57:01","slug":"joy-08","status":"publish","type":"product","link":"https:\/\/www.gmcucine.com\/fr\/produits\/joy-08\/","title":{"rendered":"JOY 08"},"content":{"rendered":"<section class=\"wpb-content-wrapper\"><p>[vc_row css_animation=&#8221;&#8221; row_type=&#8221;row&#8221; use_row_as_full_screen_section=&#8221;no&#8221; type=&#8221;full_width&#8221; angled_section=&#8221;no&#8221; text_align=&#8221;center&#8221; background_image_as_pattern=&#8221;without_pattern&#8221; row_negative_margin=&#8221;disable_negative_margin&#8221; css=&#8221;.vc_custom_1551090972416{background-position: center !important;background-repeat: no-repeat !important;background-size: cover !important;}&#8221; z_index=&#8221;&#8221;][vc_column][vc_carousel_father theme=&#8221;content-over-slider&#8221; arrowclr=&#8221;#000000&#8243; dot=&#8221;false&#8221; padding=&#8221;&#8221;][vc_carousel_son image_id=&#8221;5651&#8243;][\/vc_carousel_son][vc_carousel_son image_id=&#8221;5654&#8243;][\/vc_carousel_son][\/vc_carousel_father][\/vc_column][\/vc_row][vc_row css_animation=&#8221;&#8221; row_type=&#8221;row&#8221; use_row_as_full_screen_section=&#8221;no&#8221; type=&#8221;grid&#8221; angled_section=&#8221;no&#8221; text_align=&#8221;left&#8221; background_image_as_pattern=&#8221;without_pattern&#8221; el_class=&#8221;row-first-text-product&#8221; z_index=&#8221;&#8221;][vc_column width=&#8221;1\/6&#8243;][\/vc_column][vc_column width=&#8221;2\/3&#8243;][vc_column_text]<\/p>\n<p style=\"text-align: center;\">Une cuisine moderne avec Colonnes en m\u00e9lamin\u00e9 blanc mat, meubles bas en m\u00e9lamin\u00e9 blanc mat et Ch\u00eane nou\u00e9, plan de travail et c\u00f4t\u00e9s en stratifi\u00e9 pierre terre, gorges et socles noirs. Table fenix Noir ingo<\/p>\n<p>[\/vc_column_text][\/vc_column][vc_column width=&#8221;1\/6&#8243;][\/vc_column][\/vc_row][vc_row css_animation=&#8221;&#8221; row_type=&#8221;row&#8221; use_row_as_full_screen_section=&#8221;no&#8221; type=&#8221;full_width&#8221; angled_section=&#8221;no&#8221; text_align=&#8221;left&#8221; background_image_as_pattern=&#8221;without_pattern&#8221; z_index=&#8221;&#8221;][vc_column][\/vc_column][\/vc_row][vc_row css_animation=&#8221;&#8221; row_type=&#8221;row&#8221; use_row_as_full_screen_section=&#8221;no&#8221; type=&#8221;grid&#8221; angled_section=&#8221;no&#8221; text_align=&#8221;left&#8221; background_image_as_pattern=&#8221;without_pattern&#8221; z_index=&#8221;&#8221; css=&#8221;.vc_custom_1542965408415{background-image: url(https:\/\/www.gmcucine.com\/wp-content\/uploads\/2018\/11\/home-background-img-1.1.jpg?id=342) !important;background-position: center !important;background-repeat: no-repeat !important;background-size: cover !important;}&#8221; el_class=&#8221;row-second-text-product&#8221;][vc_column offset=&#8221;vc_col-md-8 vc_hidden-sm vc_hidden-xs&#8221;][qode_elements_holder number_of_columns=&#8221;one_column&#8221;][qode_elements_holder_item advanced_animations=&#8221;no&#8221; item_padding=&#8221;0px 0px 60px&#8221;][vc_empty_space height=&#8221;150px&#8221;][vc_carousel_father theme=&#8221;content-over-slider&#8221; dot=&#8221;false&#8221; padding=&#8221;&#8221;][vc_carousel_son image_id=&#8221;5657&#8243;][\/vc_carousel_son][\/vc_carousel_father][vc_empty_space height=&#8221;22px&#8221;][\/qode_elements_holder_item][\/qode_elements_holder][\/vc_column][vc_column offset=&#8221;vc_col-md-4 vc_hidden-sm vc_hidden-xs&#8221; el_class=&#8221;colum-text-product-1&#8243;][qode_elements_holder number_of_columns=&#8221;one_column&#8221;][qode_elements_holder_item advanced_animations=&#8221;no&#8221; item_padding=&#8221;83px 24% 60px 0px&#8221;][vc_column_text]<\/p>\n<p style=\"text-align: center;\"><strong>Environnement hyper-fonctionnel<\/strong>, l\u2019\u00eelot devient multit\u00e2cheet peu encombrant, la table encastrable est une ide\u00e9 originale, pratique et accueillante, id\u00e9ale pour les dejeneur<\/p>\n<p>[\/vc_column_text][\/qode_elements_holder_item][\/qode_elements_holder][\/vc_column][\/vc_row][vc_row css_animation=&#8221;&#8221; row_type=&#8221;row&#8221; use_row_as_full_screen_section=&#8221;no&#8221; type=&#8221;grid&#8221; angled_section=&#8221;no&#8221; text_align=&#8221;left&#8221; background_image_as_pattern=&#8221;without_pattern&#8221; z_index=&#8221;&#8221; css=&#8221;.vc_custom_1542965416549{background-image: url(https:\/\/www.gmcucine.com\/wp-content\/uploads\/2018\/11\/home-background-img-1.1.jpg?id=342) !important;background-position: center !important;background-repeat: no-repeat !important;background-size: cover !important;}&#8221; el_class=&#8221;row-second-text-product-mobile&#8221;][vc_column offset=&#8221;vc_hidden-lg vc_col-md-8 vc_hidden-md&#8221;][qode_elements_holder number_of_columns=&#8221;one_column&#8221;][qode_elements_holder_item advanced_animations=&#8221;no&#8221; item_padding=&#8221;0px 0px 20px 0px&#8221;][vc_empty_space height=&#8221;150px&#8221;][vc_carousel_father theme=&#8221;content-over-slider&#8221; dot=&#8221;false&#8221; padding=&#8221;&#8221;][vc_carousel_son image_id=&#8221;5657&#8243;][\/vc_carousel_son][\/vc_carousel_father][vc_empty_space height=&#8221;22px&#8221;][\/qode_elements_holder_item][\/qode_elements_holder][\/vc_column][vc_column offset=&#8221;vc_hidden-lg vc_col-md-4 vc_hidden-md&#8221;][qode_elements_holder number_of_columns=&#8221;one_column&#8221;][qode_elements_holder_item advanced_animations=&#8221;no&#8221; item_padding=&#8221;0px 0px 120px 0px&#8221;][vc_column_text]<\/p>\n<p style=\"text-align: center;\"><strong>Environnement hyper-fonctionnel<\/strong>, l\u2019\u00eelot devient multit\u00e2cheet peu encombrant, la table encastrable est une ide\u00e9 originale, pratique et accueillante, id\u00e9ale pour les dejeneur<\/p>\n<p>[\/vc_column_text][\/qode_elements_holder_item][\/qode_elements_holder][\/vc_column][\/vc_row][vc_row css_animation=&#8221;&#8221; row_type=&#8221;row&#8221; use_row_as_full_screen_section=&#8221;no&#8221; type=&#8221;grid&#8221; angled_section=&#8221;no&#8221; text_align=&#8221;left&#8221; background_image_as_pattern=&#8221;without_pattern&#8221; z_index=&#8221;&#8221; css=&#8221;.vc_custom_1542965427427{background-image: url(https:\/\/www.gmcucine.com\/wp-content\/uploads\/2018\/11\/home-background-img-1.1-2.jpg?id=613) !important;background-position: center !important;background-repeat: no-repeat !important;background-size: cover !important;}&#8221; el_class=&#8221;row-third-text-product&#8221;][vc_column offset=&#8221;vc_col-md-4 vc_hidden-sm vc_hidden-xs&#8221; el_class=&#8221;colum-text-product-2&#8243;][qode_elements_holder number_of_columns=&#8221;one_column&#8221;][qode_elements_holder_item advanced_animations=&#8221;no&#8221; item_padding=&#8221;115px 0 60px 32%&#8221; custom_class=&#8221;prova&#8221;][vc_empty_space height=&#8221;450px&#8221;][vc_column_text]<\/p>\n<p style=\"text-align: center;\"><strong>La table de cuisson avec hotte centrale int\u00e9gr\u00e9e<\/strong> est capable d?extraire les fum\u00e9es, les odeurs et les vapeurs avec une efficacit\u00e9 maximale<\/p>\n<p>[\/vc_column_text][\/qode_elements_holder_item][\/qode_elements_holder][\/vc_column][vc_column offset=&#8221;vc_col-md-8 vc_hidden-sm vc_hidden-xs&#8221;][qode_elements_holder number_of_columns=&#8221;one_column&#8221;][qode_elements_holder_item advanced_animations=&#8221;no&#8221; item_padding=&#8221;0px 0px 55px 20px&#8221;][vc_empty_space height=&#8221;150px&#8221;][vc_carousel_father theme=&#8221;content-over-slider&#8221; dot=&#8221;false&#8221; padding=&#8221;&#8221;][vc_carousel_son image_id=&#8221;5660&#8243;][\/vc_carousel_son][\/vc_carousel_father][vc_empty_space height=&#8221;22px&#8221;][\/qode_elements_holder_item][\/qode_elements_holder][\/vc_column][\/vc_row][vc_row css_animation=&#8221;&#8221; row_type=&#8221;row&#8221; use_row_as_full_screen_section=&#8221;no&#8221; type=&#8221;grid&#8221; angled_section=&#8221;no&#8221; text_align=&#8221;left&#8221; background_image_as_pattern=&#8221;without_pattern&#8221; z_index=&#8221;&#8221; css=&#8221;.vc_custom_1542966340802{background-image: url(https:\/\/www.gmcucine.com\/wp-content\/uploads\/2018\/11\/home-background-img-1.1.jpg?id=342) !important;background-position: center !important;background-repeat: no-repeat !important;background-size: cover !important;}&#8221; el_class=&#8221;row-second-text-product-mobile&#8221;][vc_column offset=&#8221;vc_hidden-lg vc_col-md-8 vc_hidden-md&#8221;][qode_elements_holder number_of_columns=&#8221;one_column&#8221;][qode_elements_holder_item advanced_animations=&#8221;no&#8221; item_padding=&#8221;0px 0px 20px 0px&#8221;][vc_empty_space height=&#8221;150px&#8221;][vc_carousel_father theme=&#8221;content-over-slider&#8221; dot=&#8221;false&#8221; padding=&#8221;&#8221;][vc_carousel_son image_id=&#8221;5660&#8243;][\/vc_carousel_son][\/vc_carousel_father][vc_empty_space height=&#8221;22px&#8221;][\/qode_elements_holder_item][\/qode_elements_holder][\/vc_column][vc_column offset=&#8221;vc_hidden-lg vc_col-md-4 vc_hidden-md&#8221;][qode_elements_holder number_of_columns=&#8221;one_column&#8221;][qode_elements_holder_item advanced_animations=&#8221;no&#8221; item_padding=&#8221;0px 0px 120px 0px&#8221;][vc_column_text]<\/p>\n<p style=\"text-align: center;\"><strong>La table de cuisson avec hotte centrale int\u00e9gr\u00e9e<\/strong> est capable d?extraire les fum\u00e9es, les odeurs et les vapeurs avec une efficacit\u00e9 maximale<\/p>\n<p>[\/vc_column_text][\/qode_elements_holder_item][\/qode_elements_holder][\/vc_column][\/vc_row][vc_row css_animation=&#8221;&#8221; row_type=&#8221;row&#8221; use_row_as_full_screen_section=&#8221;no&#8221; type=&#8221;grid&#8221; angled_section=&#8221;no&#8221; text_align=&#8221;left&#8221; background_image_as_pattern=&#8221;without_pattern&#8221; el_class=&#8221;row-finiture-product&#8221; z_index=&#8221;&#8221;][vc_column][vc_empty_space height=&#8221;10px&#8221;][vc_column_text]<\/p>\n<h2 style=\"text-align: center;\">MAT\u00c9RIAUX ET FINITIONS<\/h2>\n<p>[\/vc_column_text][\/vc_column][\/vc_row][vc_row css_animation=&#8221;&#8221; row_type=&#8221;row&#8221; use_row_as_full_screen_section=&#8221;no&#8221; type=&#8221;full_width&#8221; angled_section=&#8221;no&#8221; text_align=&#8221;left&#8221; background_image_as_pattern=&#8221;without_pattern&#8221;][vc_column][vc_empty_space height=&#8221;50px&#8221;][\/vc_column][\/vc_row][vc_row css_animation=&#8221;&#8221; row_type=&#8221;row&#8221; use_row_as_full_screen_section=&#8221;no&#8221; type=&#8221;grid&#8221; angled_section=&#8221;no&#8221; text_align=&#8221;center&#8221; background_image_as_pattern=&#8221;without_pattern&#8221; z_index=&#8221;&#8221;][vc_column width=&#8221;1\/2&#8243; el_class=&#8221;text-center&#8221;]<div class=\"qode-interactive-links qode-il-links-aside\">\r\n    <div class=\"qode-il-inner\">\r\n        <div class=\"qode-il-titles-holder\">\r\n            <div class=\"qode-il-links-holder\">\r\n                                        <a itemprop=\"link\" class=\"qode-il-link\" href=\"https:\/\/www.gmcucine.com\/ante\/?model=11\" target=\"_self\" data-index=\"0\">\r\n                            <h3 class=\"qode-il-title-heading\">\r\n                                <span class=\"qode-il-title\">PORTES<\/span>\r\n                            <\/h3>\r\n                        <\/a>\r\n                                                <a itemprop=\"link\" class=\"qode-il-link\" href=\"https:\/\/www.gmcucine.com\/ante\/?model=11\" target=\"_self\" data-index=\"1\">\r\n                            <h3 class=\"qode-il-title-heading\">\r\n                                <span class=\"qode-il-title\">En savoir plus<\/span>\r\n                            <\/h3>\r\n                        <\/a>\r\n                                    <\/div>\r\n        <\/div>\r\n        <div class=\"qode-il-images-holder\">\r\n            <div class=\"qode-il-images-holder-inner\">\r\n                                        <div class=\"qode-il-image\" data-index=\"0\">\r\n                            <a itemprop=\"link\" class=\"qode-il-image-link\" href=\"https:\/\/www.gmcucine.com\/ante\/?model=11\" target=\"_self\" data-index=\"0\">\r\n                                <img loading=\"lazy\" decoding=\"async\" width=\"250\" height=\"312\" src=\"https:\/\/www.gmcucine.com\/wp-content\/uploads\/2023\/11\/Cucine_moderne_materiali_finiture_01-2.jpg\" class=\"attachment-full size-full\" alt=\"\" srcset=\"https:\/\/www.gmcucine.com\/wp-content\/uploads\/2023\/11\/Cucine_moderne_materiali_finiture_01-2.jpg 250w, https:\/\/www.gmcucine.com\/wp-content\/uploads\/2023\/11\/Cucine_moderne_materiali_finiture_01-2-240x300.jpg 240w\" sizes=\"auto, (max-width: 250px) 100vw, 250px\" \/>                            <\/a>\r\n                            <div class=\"qode-il-responsive-title-holder\">\r\n                                <h3 class=\"qode-il-links-holder\">\r\n                                    <a itemprop=\"link\" class=\"qode-il-link qode-il-responsive-title\" href=\"https:\/\/www.gmcucine.com\/ante\/?model=11\" target=\"_self\" data-index=\"0\">\r\n                                        <span class=\"qode-il-title\">PORTES<\/span>\r\n                                    <\/a>\r\n                                <\/h3>\r\n                            <\/div>\r\n                        <\/div>\r\n                                                <div class=\"qode-il-image\" data-index=\"1\">\r\n                            <a itemprop=\"link\" class=\"qode-il-image-link\" href=\"https:\/\/www.gmcucine.com\/ante\/?model=11\" target=\"_self\" data-index=\"1\">\r\n                                <img loading=\"lazy\" decoding=\"async\" width=\"250\" height=\"312\" src=\"https:\/\/www.gmcucine.com\/wp-content\/uploads\/2023\/11\/Cucine_moderne_materiali_finiture_02.jpg\" class=\"attachment-full size-full\" alt=\"\" srcset=\"https:\/\/www.gmcucine.com\/wp-content\/uploads\/2023\/11\/Cucine_moderne_materiali_finiture_02.jpg 250w, https:\/\/www.gmcucine.com\/wp-content\/uploads\/2023\/11\/Cucine_moderne_materiali_finiture_02-240x300.jpg 240w\" sizes=\"auto, (max-width: 250px) 100vw, 250px\" \/>                            <\/a>\r\n                            <div class=\"qode-il-responsive-title-holder\">\r\n                                <h3 class=\"qode-il-links-holder\">\r\n                                    <a itemprop=\"link\" class=\"qode-il-link qode-il-responsive-title\" href=\"https:\/\/www.gmcucine.com\/ante\/?model=11\" target=\"_self\" data-index=\"1\">\r\n                                        <span class=\"qode-il-title\">En savoir plus<\/span>\r\n                                    <\/a>\r\n                                <\/h3>\r\n                            <\/div>\r\n                        <\/div>\r\n                                    <\/div>\r\n        <\/div>\r\n            <\/div>\r\n<\/div>[\/vc_column][vc_column width=&#8221;1\/2&#8243;]<div class=\"qode-interactive-links qode-il-links-aside\">\r\n    <div class=\"qode-il-inner\">\r\n        <div class=\"qode-il-titles-holder\">\r\n            <div class=\"qode-il-links-holder\">\r\n                                        <a itemprop=\"link\" class=\"qode-il-link\" href=\"https:\/\/www.gmcucine.com\/top\/\" target=\"_self\" data-index=\"0\">\r\n                            <h3 class=\"qode-il-title-heading\">\r\n                                <span class=\"qode-il-title\">TOP<\/span>\r\n                            <\/h3>\r\n                        <\/a>\r\n                                                <a itemprop=\"link\" class=\"qode-il-link\" href=\"https:\/\/www.gmcucine.com\/top\/\" target=\"_self\" data-index=\"1\">\r\n                            <h3 class=\"qode-il-title-heading\">\r\n                                <span class=\"qode-il-title\">En savoir plus<\/span>\r\n                            <\/h3>\r\n                        <\/a>\r\n                                    <\/div>\r\n        <\/div>\r\n        <div class=\"qode-il-images-holder\">\r\n            <div class=\"qode-il-images-holder-inner\">\r\n                                        <div class=\"qode-il-image\" data-index=\"0\">\r\n                            <a itemprop=\"link\" class=\"qode-il-image-link\" href=\"https:\/\/www.gmcucine.com\/top\/\" target=\"_self\" data-index=\"0\">\r\n                                <img loading=\"lazy\" decoding=\"async\" width=\"250\" height=\"312\" src=\"https:\/\/www.gmcucine.com\/wp-content\/uploads\/2023\/11\/Cucine_moderne_materiali_finiture_03.jpg\" class=\"attachment-full size-full\" alt=\"\" srcset=\"https:\/\/www.gmcucine.com\/wp-content\/uploads\/2023\/11\/Cucine_moderne_materiali_finiture_03.jpg 250w, https:\/\/www.gmcucine.com\/wp-content\/uploads\/2023\/11\/Cucine_moderne_materiali_finiture_03-240x300.jpg 240w\" sizes=\"auto, (max-width: 250px) 100vw, 250px\" \/>                            <\/a>\r\n                            <div class=\"qode-il-responsive-title-holder\">\r\n                                <h3 class=\"qode-il-links-holder\">\r\n                                    <a itemprop=\"link\" class=\"qode-il-link qode-il-responsive-title\" href=\"https:\/\/www.gmcucine.com\/top\/\" target=\"_self\" data-index=\"0\">\r\n                                        <span class=\"qode-il-title\">TOP<\/span>\r\n                                    <\/a>\r\n                                <\/h3>\r\n                            <\/div>\r\n                        <\/div>\r\n                                                <div class=\"qode-il-image\" data-index=\"1\">\r\n                            <a itemprop=\"link\" class=\"qode-il-image-link\" href=\"https:\/\/www.gmcucine.com\/top\/\" target=\"_self\" data-index=\"1\">\r\n                                <img loading=\"lazy\" decoding=\"async\" width=\"250\" height=\"312\" src=\"https:\/\/www.gmcucine.com\/wp-content\/uploads\/2023\/11\/Cucine_moderne_materiali_finiture_04.jpg\" class=\"attachment-full size-full\" alt=\"\" srcset=\"https:\/\/www.gmcucine.com\/wp-content\/uploads\/2023\/11\/Cucine_moderne_materiali_finiture_04.jpg 250w, https:\/\/www.gmcucine.com\/wp-content\/uploads\/2023\/11\/Cucine_moderne_materiali_finiture_04-240x300.jpg 240w\" sizes=\"auto, (max-width: 250px) 100vw, 250px\" \/>                            <\/a>\r\n                            <div class=\"qode-il-responsive-title-holder\">\r\n                                <h3 class=\"qode-il-links-holder\">\r\n                                    <a itemprop=\"link\" class=\"qode-il-link qode-il-responsive-title\" href=\"https:\/\/www.gmcucine.com\/top\/\" target=\"_self\" data-index=\"1\">\r\n                                        <span class=\"qode-il-title\">En savoir plus<\/span>\r\n                                    <\/a>\r\n                                <\/h3>\r\n                            <\/div>\r\n                        <\/div>\r\n                                    <\/div>\r\n        <\/div>\r\n            <\/div>\r\n<\/div>[\/vc_column][\/vc_row][vc_row css_animation=&#8221;&#8221; row_type=&#8221;row&#8221; use_row_as_full_screen_section=&#8221;no&#8221; type=&#8221;grid&#8221; angled_section=&#8221;no&#8221; text_align=&#8221;left&#8221; background_image_as_pattern=&#8221;without_pattern&#8221; z_index=&#8221;&#8221;][vc_column el_class=&#8221;text-center&#8221;][vc_empty_space height=&#8221;80px&#8221;]<a  itemprop=\"url\" href=\"https:\/\/www.gmcucine.com\/rivenditori\/\" target=\"_self\"  class=\"qbutton  center default button-rivenditori\" style=\"\">Demander le revendeur le plus proche<\/a>[\/vc_column][\/vc_row]<\/p>\n<\/section>","protected":false},"excerpt":{"rendered":"<p>[vc_row css_animation=&#8221;&#8221; row_type=&#8221;row&#8221; use_row_as_full_screen_section=&#8221;no&#8221; type=&#8221;full_width&#8221; angled_section=&#8221;no&#8221; text_align=&#8221;center&#8221; background_image_as_pattern=&#8221;without_pattern&#8221; row_negative_margin=&#8221;disable_negative_margin&#8221; css=&#8221;.vc_custom_1551090972416{background-position: center !important;background-repeat: no-repeat !important;background-size: cover !important;}&#8221; z_index=&#8221;&#8221;][vc_column][vc_carousel_father theme=&#8221;content-over-slider&#8221; arrowclr=&#8221;#000000&#8243; dot=&#8221;false&#8221; padding=&#8221;&#8221;][vc_carousel_son image_id=&#8221;5651&#8243;][\/vc_carousel_son][vc_carousel_son image_id=&#8221;5654&#8243;][\/vc_carousel_son][\/vc_carousel_father][\/vc_column][\/vc_row][vc_row css_animation=&#8221;&#8221; row_type=&#8221;row&#8221; use_row_as_full_screen_section=&#8221;no&#8221; type=&#8221;grid&#8221; angled_section=&#8221;no&#8221; text_align=&#8221;left&#8221; background_image_as_pattern=&#8221;without_pattern&#8221; el_class=&#8221;row-first-text-product&#8221; z_index=&#8221;&#8221;][vc_column width=&#8221;1\/6&#8243;][\/vc_column][vc_column width=&#8221;2\/3&#8243;][vc_column_text] Une cuisine moderne avec Colonnes en m\u00e9lamin\u00e9 blanc mat, meubles bas&#8230;<\/p>\n","protected":false},"featured_media":0,"template":"","meta":[],"product_cat":[56],"product_tag":[],"class_list":["post-5723","product","type-product","status-publish","hentry","product_cat-non-categorizzato"],"yoast_head":"<!-- This site is optimized with the Yoast SEO plugin v25.2 - https:\/\/yoast.com\/wordpress\/plugins\/seo\/ -->\n<title>JOY 08 - GM cucine<\/title>\n<meta name=\"robots\" content=\"index, follow, max-snippet:-1, max-image-preview:large, max-video-preview:-1\" \/>\n<link rel=\"canonical\" href=\"https:\/\/www.gmcucine.com\/fr\/produits\/joy-08\/\" \/>\n<meta property=\"og:locale\" content=\"fr_FR\" \/>\n<meta property=\"og:type\" content=\"article\" \/>\n<meta property=\"og:title\" content=\"JOY 08 - GM cucine\" \/>\n<meta property=\"og:description\" content=\"[vc_row css_animation=&#8221;&#8221; row_type=&#8221;row&#8221; use_row_as_full_screen_section=&#8221;no&#8221; type=&#8221;full_width&#8221; angled_section=&#8221;no&#8221; text_align=&#8221;center&#8221; background_image_as_pattern=&#8221;without_pattern&#8221; row_negative_margin=&#8221;disable_negative_margin&#8221; css=&#8221;.vc_custom_1551090972416{background-position: center !important;background-repeat: no-repeat !important;background-size: cover !important;}&#8221; z_index=&#8221;&#8221;][vc_column][vc_carousel_father theme=&#8221;content-over-slider&#8221; arrowclr=&#8221;#000000&#8243; dot=&#8221;false&#8221; padding=&#8221;&#8221;][vc_carousel_son image_id=&#8221;5651&#8243;][\/vc_carousel_son][vc_carousel_son image_id=&#8221;5654&#8243;][\/vc_carousel_son][\/vc_carousel_father][\/vc_column][\/vc_row][vc_row css_animation=&#8221;&#8221; row_type=&#8221;row&#8221; use_row_as_full_screen_section=&#8221;no&#8221; type=&#8221;grid&#8221; angled_section=&#8221;no&#8221; text_align=&#8221;left&#8221; background_image_as_pattern=&#8221;without_pattern&#8221; el_class=&#8221;row-first-text-product&#8221; z_index=&#8221;&#8221;][vc_column width=&#8221;1\/6&#8243;][\/vc_column][vc_column width=&#8221;2\/3&#8243;][vc_column_text] Une cuisine moderne avec Colonnes en m\u00e9lamin\u00e9 blanc mat, meubles bas...\" \/>\n<meta property=\"og:url\" content=\"https:\/\/www.gmcucine.com\/fr\/produits\/joy-08\/\" \/>\n<meta property=\"og:site_name\" content=\"GM cucine\" \/>\n<meta property=\"article:publisher\" content=\"https:\/\/www.facebook.com\/gm.cucine\/\" \/>\n<meta property=\"article:modified_time\" content=\"2024-01-15T07:57:01+00:00\" \/>\n<meta name=\"twitter:card\" content=\"summary_large_image\" \/>\n<meta name=\"twitter:label1\" content=\"Dur\u00e9e de lecture estim\u00e9e\" \/>\n\t<meta name=\"twitter:data1\" content=\"3 minutes\" \/>\n<script type=\"application\/ld+json\" class=\"yoast-schema-graph\">{\"@context\":\"https:\/\/schema.org\",\"@graph\":[{\"@type\":\"WebPage\",\"@id\":\"https:\/\/www.gmcucine.com\/fr\/produits\/joy-08\/\",\"url\":\"https:\/\/www.gmcucine.com\/fr\/produits\/joy-08\/\",\"name\":\"JOY 08 - GM cucine\",\"isPartOf\":{\"@id\":\"https:\/\/www.gmcucine.com\/fr\/#website\"},\"datePublished\":\"2023-05-30T15:18:05+00:00\",\"dateModified\":\"2024-01-15T07:57:01+00:00\",\"breadcrumb\":{\"@id\":\"https:\/\/www.gmcucine.com\/fr\/produits\/joy-08\/#breadcrumb\"},\"inLanguage\":\"fr-FR\",\"potentialAction\":[{\"@type\":\"ReadAction\",\"target\":[\"https:\/\/www.gmcucine.com\/fr\/produits\/joy-08\/\"]}]},{\"@type\":\"BreadcrumbList\",\"@id\":\"https:\/\/www.gmcucine.com\/fr\/produits\/joy-08\/#breadcrumb\",\"itemListElement\":[{\"@type\":\"ListItem\",\"position\":1,\"name\":\"Home\",\"item\":\"https:\/\/www.gmcucine.com\/fr\/\"},{\"@type\":\"ListItem\",\"position\":2,\"name\":\"Produits\",\"item\":\"https:\/\/www.gmcucine.com\/fr\/shop\/\"},{\"@type\":\"ListItem\",\"position\":3,\"name\":\"JOY 08\"}]},{\"@type\":\"WebSite\",\"@id\":\"https:\/\/www.gmcucine.com\/fr\/#website\",\"url\":\"https:\/\/www.gmcucine.com\/fr\/\",\"name\":\"GM cucine\",\"description\":\"Crea la cucina adatta a te - Treviso\",\"publisher\":{\"@id\":\"https:\/\/www.gmcucine.com\/fr\/#organization\"},\"potentialAction\":[{\"@type\":\"SearchAction\",\"target\":{\"@type\":\"EntryPoint\",\"urlTemplate\":\"https:\/\/www.gmcucine.com\/fr\/?s={search_term_string}\"},\"query-input\":{\"@type\":\"PropertyValueSpecification\",\"valueRequired\":true,\"valueName\":\"search_term_string\"}}],\"inLanguage\":\"fr-FR\"},{\"@type\":\"Organization\",\"@id\":\"https:\/\/www.gmcucine.com\/fr\/#organization\",\"name\":\"GM Cucine\",\"url\":\"https:\/\/www.gmcucine.com\/fr\/\",\"logo\":{\"@type\":\"ImageObject\",\"inLanguage\":\"fr-FR\",\"@id\":\"https:\/\/www.gmcucine.com\/fr\/#\/schema\/logo\/image\/\",\"url\":\"https:\/\/www.gmcucine.com\/wp-content\/uploads\/2019\/02\/gm-logo_nero-def.png\",\"contentUrl\":\"https:\/\/www.gmcucine.com\/wp-content\/uploads\/2019\/02\/gm-logo_nero-def.png\",\"width\":140,\"height\":47,\"caption\":\"GM Cucine\"},\"image\":{\"@id\":\"https:\/\/www.gmcucine.com\/fr\/#\/schema\/logo\/image\/\"},\"sameAs\":[\"https:\/\/www.facebook.com\/gm.cucine\/\"]}]}<\/script>\n<!-- \/ Yoast SEO plugin. -->","yoast_head_json":{"title":"JOY 08 - GM cucine","robots":{"index":"index","follow":"follow","max-snippet":"max-snippet:-1","max-image-preview":"max-image-preview:large","max-video-preview":"max-video-preview:-1"},"canonical":"https:\/\/www.gmcucine.com\/fr\/produits\/joy-08\/","og_locale":"fr_FR","og_type":"article","og_title":"JOY 08 - GM cucine","og_description":"[vc_row css_animation=&#8221;&#8221; row_type=&#8221;row&#8221; use_row_as_full_screen_section=&#8221;no&#8221; type=&#8221;full_width&#8221; angled_section=&#8221;no&#8221; text_align=&#8221;center&#8221; background_image_as_pattern=&#8221;without_pattern&#8221; row_negative_margin=&#8221;disable_negative_margin&#8221; css=&#8221;.vc_custom_1551090972416{background-position: center !important;background-repeat: no-repeat !important;background-size: cover !important;}&#8221; z_index=&#8221;&#8221;][vc_column][vc_carousel_father theme=&#8221;content-over-slider&#8221; arrowclr=&#8221;#000000&#8243; dot=&#8221;false&#8221; padding=&#8221;&#8221;][vc_carousel_son image_id=&#8221;5651&#8243;][\/vc_carousel_son][vc_carousel_son image_id=&#8221;5654&#8243;][\/vc_carousel_son][\/vc_carousel_father][\/vc_column][\/vc_row][vc_row css_animation=&#8221;&#8221; row_type=&#8221;row&#8221; use_row_as_full_screen_section=&#8221;no&#8221; type=&#8221;grid&#8221; angled_section=&#8221;no&#8221; text_align=&#8221;left&#8221; background_image_as_pattern=&#8221;without_pattern&#8221; el_class=&#8221;row-first-text-product&#8221; z_index=&#8221;&#8221;][vc_column width=&#8221;1\/6&#8243;][\/vc_column][vc_column width=&#8221;2\/3&#8243;][vc_column_text] Une cuisine moderne avec Colonnes en m\u00e9lamin\u00e9 blanc mat, meubles bas...","og_url":"https:\/\/www.gmcucine.com\/fr\/produits\/joy-08\/","og_site_name":"GM cucine","article_publisher":"https:\/\/www.facebook.com\/gm.cucine\/","article_modified_time":"2024-01-15T07:57:01+00:00","twitter_card":"summary_large_image","twitter_misc":{"Dur\u00e9e de lecture estim\u00e9e":"3 minutes"},"schema":{"@context":"https:\/\/schema.org","@graph":[{"@type":"WebPage","@id":"https:\/\/www.gmcucine.com\/fr\/produits\/joy-08\/","url":"https:\/\/www.gmcucine.com\/fr\/produits\/joy-08\/","name":"JOY 08 - GM cucine","isPartOf":{"@id":"https:\/\/www.gmcucine.com\/fr\/#website"},"datePublished":"2023-05-30T15:18:05+00:00","dateModified":"2024-01-15T07:57:01+00:00","breadcrumb":{"@id":"https:\/\/www.gmcucine.com\/fr\/produits\/joy-08\/#breadcrumb"},"inLanguage":"fr-FR","potentialAction":[{"@type":"ReadAction","target":["https:\/\/www.gmcucine.com\/fr\/produits\/joy-08\/"]}]},{"@type":"BreadcrumbList","@id":"https:\/\/www.gmcucine.com\/fr\/produits\/joy-08\/#breadcrumb","itemListElement":[{"@type":"ListItem","position":1,"name":"Home","item":"https:\/\/www.gmcucine.com\/fr\/"},{"@type":"ListItem","position":2,"name":"Produits","item":"https:\/\/www.gmcucine.com\/fr\/shop\/"},{"@type":"ListItem","position":3,"name":"JOY 08"}]},{"@type":"WebSite","@id":"https:\/\/www.gmcucine.com\/fr\/#website","url":"https:\/\/www.gmcucine.com\/fr\/","name":"GM cucine","description":"Crea la cucina adatta a te - Treviso","publisher":{"@id":"https:\/\/www.gmcucine.com\/fr\/#organization"},"potentialAction":[{"@type":"SearchAction","target":{"@type":"EntryPoint","urlTemplate":"https:\/\/www.gmcucine.com\/fr\/?s={search_term_string}"},"query-input":{"@type":"PropertyValueSpecification","valueRequired":true,"valueName":"search_term_string"}}],"inLanguage":"fr-FR"},{"@type":"Organization","@id":"https:\/\/www.gmcucine.com\/fr\/#organization","name":"GM Cucine","url":"https:\/\/www.gmcucine.com\/fr\/","logo":{"@type":"ImageObject","inLanguage":"fr-FR","@id":"https:\/\/www.gmcucine.com\/fr\/#\/schema\/logo\/image\/","url":"https:\/\/www.gmcucine.com\/wp-content\/uploads\/2019\/02\/gm-logo_nero-def.png","contentUrl":"https:\/\/www.gmcucine.com\/wp-content\/uploads\/2019\/02\/gm-logo_nero-def.png","width":140,"height":47,"caption":"GM Cucine"},"image":{"@id":"https:\/\/www.gmcucine.com\/fr\/#\/schema\/logo\/image\/"},"sameAs":["https:\/\/www.facebook.com\/gm.cucine\/"]}]}},"_links":{"self":[{"href":"https:\/\/www.gmcucine.com\/fr\/wp-json\/wp\/v2\/product\/5723","targetHints":{"allow":["GET"]}}],"collection":[{"href":"https:\/\/www.gmcucine.com\/fr\/wp-json\/wp\/v2\/product"}],"about":[{"href":"https:\/\/www.gmcucine.com\/fr\/wp-json\/wp\/v2\/types\/product"}],"wp:attachment":[{"href":"https:\/\/www.gmcucine.com\/fr\/wp-json\/wp\/v2\/media?parent=5723"}],"wp:term":[{"taxonomy":"product_cat","embeddable":true,"href":"https:\/\/www.gmcucine.com\/fr\/wp-json\/wp\/v2\/product_cat?post=5723"},{"taxonomy":"product_tag","embeddable":true,"href":"https:\/\/www.gmcucine.com\/fr\/wp-json\/wp\/v2\/product_tag?post=5723"}],"curies":[{"name":"wp","href":"https:\/\/api.w.org\/{rel}","templated":true}]}}